{"version":"1.0","provider_name":"EnjoySailing.Ro","provider_url":"https:\/\/www.enjoysailing.ro\/en","author_name":"admin","author_url":"https:\/\/www.enjoysailing.ro\/en\/author\/admin\/","title":"Calendar regate yachting 2018 - Academia Nautica Enjoy Sailing","type":"rich","width":600,"height":338,"html":"<blockquote class=\"wp-embedded-content\" data-secret=\"7d9sSE4CNM\"><a href=\"https:\/\/www.enjoysailing.ro\/en\/calendar-regate-2019\/\">Calendar regate 2019<\/a><\/blockquote><iframe sandbox=\"allow-scripts\" security=\"restricted\" src=\"https:\/\/www.enjoysailing.ro\/en\/calendar-regate-2019\/embed\/#?secret=7d9sSE4CNM\" width=\"600\" height=\"338\" title=\"&#8220;Calendar regate 2019&#8221; &#8212; EnjoySailing.Ro\" data-secret=\"7d9sSE4CNM\" frameborder=\"0\" marginwidth=\"0\" marginheight=\"0\" scrolling=\"no\" class=\"wp-embedded-content\"><\/iframe><script>\n\/*! This file is auto-generated *\/\n!function(d,l){\"use strict\";l.querySelector&&d.addEventListener&&\"undefined\"!=typeof URL&&(d.wp=d.wp||{},d.wp.receiveEmbedMessage||(d.wp.receiveEmbedMessage=function(e){var t=e.data;if((t||t.secret||t.message||t.value)&&!\/[^a-zA-Z0-9]\/.test(t.secret)){for(var s,r,n,a=l.querySelectorAll('iframe[data-secret=\"'+t.secret+'\"]'),o=l.querySelectorAll('blockquote[data-secret=\"'+t.secret+'\"]'),c=new RegExp(\"^https?:$\",\"i\"),i=0;i<o.length;i++)o[i].style.display=\"none\";for(i=0;i<a.length;i++)s=a[i],e.source===s.contentWindow&&(s.removeAttribute(\"style\"),\"height\"===t.message?(1e3<(r=parseInt(t.value,10))?r=1e3:~~r<200&&(r=200),s.height=r):\"link\"===t.message&&(r=new URL(s.getAttribute(\"src\")),n=new URL(t.value),c.test(n.protocol))&&n.host===r.host&&l.activeElement===s&&(d.top.location.href=t.value))}},d.addEventListener(\"message\",d.wp.receiveEmbedMessage,!1),l.addEventListener(\"DOMContentLoaded\",function(){for(var e,t,s=l.querySelectorAll(\"iframe.wp-embedded-content\"),r=0;r<s.length;r++)(t=(e=s[r]).getAttribute(\"data-secret\"))||(t=Math.random().toString(36).substring(2,12),e.src+=\"#?secret=\"+t,e.setAttribute(\"data-secret\",t)),e.contentWindow.postMessage({message:\"ready\",secret:t},\"*\")},!1)))}(window,document);\n\/\/# sourceURL=https:\/\/www.enjoysailing.ro\/wp-includes\/js\/wp-embed.min.js\n<\/script>","description":"[av_textblock size=&#8221; font_color=&#8221; color=&#8221; av-medium-font-size=&#8221; av-small-font-size=&#8221; av-mini-font-size=&#8221; admin_preview_bg=&#8221;] Calendar regate yachting 2019 [\/av_textblock] [av_image src=&#8217;https:\/\/www.enjoysailing.ro\/wp-content\/uploads\/2018\/03\/regate-yachting-960&#215;430.jpg&#8217; attachment=&#8217;4256&#8242; attachment_size=&#8217;featured&#8217; align=&#8217;center&#8217; styling=&#8221; hover=&#8221; link=&#8221; target=&#8221; caption=&#8221; font_size=&#8221; appearance=&#8221; overlay_opacity=&#8217;0.4&#8242; overlay_color=&#8217;#000000&#8242; overlay_text_color=&#8217;#ffffff&#8217; animation=&#8217;no-animation&#8217; admin_preview_bg=&#8221;][\/av_image] [av_textblock size=&#8221; font_color=&#8221; color=&#8221; av-medium-font-size=&#8221; av-small-font-size=&#8221; av-mini-font-size=&#8221; admin_preview_bg=&#8221;] Calendar Competi\u0163ional Offshore 2019 [\/av_textblock] [av_one_half first min_height=&#8221; vertical_alignment=&#8221; space=&#8221; custom_margin=&#8221; margin=&#8217;0px&#8217; padding=&#8217;0px&#8217; border=&#8221; border_color=&#8221; radius=&#8217;0px&#8217; background_color=&#8221; src=&#8221; background_position=&#8217;top left&#8217; background_repeat=&#8217;no-repeat&#8217; animation=&#8221; mobile_breaking=&#8221; mobile_display=&#8221;] [av_heading tag=&#8217;h2&#8242; padding=&#8217;10&#8217; heading=&#8217;Mai&#8217; color=&#8221; style=&#8217;blockquote classic-quote&#8217; custom_font=&#8221; size=&#8221; subheading_active=&#8221; subheading_size=&#8217;15&#8217; custom_class=&#8221; admin_preview_bg=&#8221; av-desktop-hide=&#8221; av-medium-hide=&#8221; av-small-hide=&#8221; av-mini-hide=&#8221; av-medium-font-size-title=&#8221; av-small-font-size-title=&#8221; av-mini-font-size-title=&#8221; av-medium-font-size=&#8221; av-small-font-size=&#8221; av-mini-font-size=&#8221;][\/av_heading] [av_iconlist position=&#8217;left&#8217; iconlist_styling=&#8217;av-iconlist-small&#8217; custom_title_size=&#8221; custom_content_size=&#8221; font_color=&#8221; custom_title=&#8221; custom_content=&#8221; color=&#8217;custom&#8217; custom_bg=&#8217;#7bb0e7&#8242; custom_font=&#8217;#ffffff&#8217; custom_border=&#8221; av-medium-font-size-title=&#8221; av-small-font-size-title=&#8221; av-mini-font-size-title=&#8221; av-medium-font-size=&#8221; av-small-font-size=&#8221; av-mini-font-size=&#8221; admin_preview_bg=&#8221;] [av_iconlist_item title=&#8217;Data&#8217; link=&#8221; linktarget=&#8221; linkelement=&#8221; icon=&#8217;ue85b&#8217; font=&#8217;entypo-fontello&#8217;] 23-26 Mai [\/av_iconlist_item] [av_iconlist_item title=&#8217;Eveniment&#8217; link=&#8221; linktarget=&#8221; linkelement=&#8221; icon=&#8217;ue8a8&#8242; font=&#8217;entypo-fontello&#8217;] Varna Channel Cup [\/av_iconlist_item] [av_iconlist_item title=&#8217;Locul de desf\u0103\u015furare&#8217; link=&#8221; linktarget=&#8221; linkelement=&#8221; icon=&#8217;ue842&#8242; font=&#8217;entypo-fontello&#8217;] Varna [\/av_iconlist_item] [\/av_iconlist] [av_iconlist position=&#8217;left&#8217; iconlist_styling=&#8217;av-iconlist-small&#8217; custom_title_size=&#8221; custom_content_size=&#8221; font_color=&#8221; custom_title=&#8221; custom_content=&#8221; color=&#8217;custom&#8217; custom_bg=&#8217;#7bb0e7&#8242; custom_font=&#8217;#ffffff&#8217; custom_border=&#8221; av-medium-font-size-title=&#8221; av-small-font-size-title=&#8221; av-mini-font-size-title=&#8221; av-medium-font-size=&#8221; av-small-font-size=&#8221; av-mini-font-size=&#8221; admin_preview_bg=&#8221;] [av_iconlist_item title=&#8217;Data&#8217; link=&#8221; linktarget=&#8221; linkelement=&#8221; icon=&#8217;ue85b&#8217; font=&#8217;entypo-fontello&#8217;] 31 Mai &#8211; 2 Iunie [\/av_iconlist_item] [av_iconlist_item title=&#8217;Eveniment&#8217; link=&#8221; linktarget=&#8221; linkelement=&#8221; icon=&#8217;ue8a8&#8242; font=&#8217;entypo-fontello&#8217;] Seanergya Regatta [\/av_iconlist_item] [av_iconlist_item title=&#8217;Locul de desf\u0103\u015furare&#8217; link=&#8221; linktarget=&#8221; linkelement=&#8221; icon=&#8217;ue842&#8242; font=&#8217;entypo-fontello&#8217;] Limanu [\/av_iconlist_item] [\/av_iconlist] [\/av_one_half][av_one_half min_height=&#8221; vertical_alignment=&#8221; space=&#8221; custom_margin=&#8221; margin=&#8217;0px&#8217; padding=&#8217;0px&#8217; border=&#8221; border_color=&#8221; radius=&#8217;0px&#8217; background_color=&#8221; src=&#8221; background_position=&#8217;top left&#8217; background_repeat=&#8217;no-repeat&#8217; animation=&#8221; mobile_breaking=&#8221; mobile_display=&#8221;] [av_heading tag=&#8217;h2&#8242; padding=&#8217;10&#8217; heading=&#8217;Iunie&#8217; color=&#8221; style=&#8217;blockquote classic-quote&#8217; custom_font=&#8221; size=&#8221; subheading_active=&#8221; subheading_size=&#8217;15&#8217; custom_class=&#8221; admin_preview_bg=&#8221; av-desktop-hide=&#8221; av-medium-hide=&#8221; av-small-hide=&#8221; av-mini-hide=&#8221; av-medium-font-size-title=&#8221; av-small-font-size-title=&#8221; av-mini-font-size-title=&#8221; av-medium-font-size=&#8221; av-small-font-size=&#8221; av-mini-font-size=&#8221;][\/av_heading] [av_iconlist position=&#8217;left&#8217; iconlist_styling=&#8217;av-iconlist-small&#8217; custom_title_size=&#8221; custom_content_size=&#8221; font_color=&#8221; custom_title=&#8221; custom_content=&#8221; color=&#8217;custom&#8217; custom_bg=&#8217;#7bb0e7&#8242; custom_font=&#8217;#ffffff&#8217; custom_border=&#8221; av-medium-font-size-title=&#8221; av-small-font-size-title=&#8221; av-mini-font-size-title=&#8221; av-medium-font-size=&#8221; av-small-font-size=&#8221; av-mini-font-size=&#8221; admin_preview_bg=&#8221;] [av_iconlist_item title=&#8217;Data&#8217; link=&#8221; linktarget=&#8221; linkelement=&#8221; icon=&#8217;ue85b&#8217; font=&#8217;entypo-fontello&#8217;] 13-16 Iunie [\/av_iconlist_item] [av_iconlist_item title=&#8217;Eveniment&#8217; link=&#8221; linktarget=&#8221; linkelement=&#8221; icon=&#8217;ue8a8&#8242; font=&#8217;entypo-fontello&#8217;] Poseidon Regatta [\/av_iconlist_item] [av_iconlist_item title=&#8217;Locul de desf\u0103\u015furare&#8217; link=&#8221; linktarget=&#8221; linkelement=&#8221; icon=&#8217;ue842&#8242; font=&#8217;entypo-fontello&#8217;] Eforie Nord [\/av_iconlist_item] [\/av_iconlist] [av_iconlist position=&#8217;left&#8217; iconlist_styling=&#8217;av-iconlist-small&#8217; custom_title_size=&#8221; custom_content_size=&#8221; font_color=&#8221; custom_title=&#8221; custom_content=&#8221; color=&#8217;custom&#8217; custom_bg=&#8217;#7bb0e7&#8242; custom_font=&#8217;#ffffff&#8217; custom_border=&#8221; av-medium-font-size-title=&#8221; av-small-font-size-title=&#8221; av-mini-font-size-title=&#8221; av-medium-font-size=&#8221; av-small-font-size=&#8221; av-mini-font-size=&#8221; admin_preview_bg=&#8221;] [av_iconlist_item title=&#8217;Data&#8217; link=&#8221; linktarget=&#8221; linkelement=&#8221; icon=&#8217;ue85b&#8217; font=&#8217;entypo-fontello&#8217;] 13-22 Iunie [\/av_iconlist_item] [av_iconlist_item title=&#8217;Eveniment&#8217; link=&#8221; linktarget=&#8221; linkelement=&#8221; icon=&#8217;ue8a8&#8242; font=&#8217;entypo-fontello&#8217;] Black Sea Championship [\/av_iconlist_item] [av_iconlist_item title=&#8217;Locul de desf\u0103\u015furare&#8217; link=&#8221; linktarget=&#8221; linkelement=&#8221; icon=&#8217;ue842&#8242; font=&#8217;entypo-fontello&#8217;] Eforie Nord \u2013 Balchik \u2013 Istanbul [\/av_iconlist_item] [\/av_iconlist] [\/av_one_half][av_one_half first min_height=&#8221; vertical_alignment=&#8221; space=&#8221; custom_margin=&#8221; margin=&#8217;0px&#8217; padding=&#8217;0px&#8217; border=&#8221; border_color=&#8221; radius=&#8217;0px&#8217; background_color=&#8221; src=&#8221; background_position=&#8217;top left&#8217; background_repeat=&#8217;no-repeat&#8217; animation=&#8221; mobile_breaking=&#8221; mobile_display=&#8221;] [av_heading tag=&#8217;h2&#8242; padding=&#8217;10&#8217; heading=&#8217;Iulie&#8217; color=&#8221; style=&#8217;blockquote classic-quote&#8217; custom_font=&#8221; size=&#8221; subheading_active=&#8221; subheading_size=&#8217;15&#8217; custom_class=&#8221; admin_preview_bg=&#8221; av-desktop-hide=&#8221; av-medium-hide=&#8221; av-small-hide=&#8221; av-mini-hide=&#8221; av-medium-font-size-title=&#8221; av-small-font-size-title=&#8221; av-mini-font-size-title=&#8221; av-medium-font-size=&#8221; av-small-font-size=&#8221; av-mini-font-size=&#8221;][\/av_heading] [av_iconlist position=&#8217;left&#8217; iconlist_styling=&#8217;av-iconlist-small&#8217; custom_title_size=&#8221; custom_content_size=&#8221; font_color=&#8221; custom_title=&#8221; custom_content=&#8221; color=&#8217;custom&#8217; custom_bg=&#8217;#7bb0e7&#8242; custom_font=&#8217;#ffffff&#8217; custom_border=&#8221; av-medium-font-size-title=&#8221; av-small-font-size-title=&#8221; av-mini-font-size-title=&#8221; av-medium-font-size=&#8221; av-small-font-size=&#8221; av-mini-font-size=&#8221; admin_preview_bg=&#8221;] [av_iconlist_item title=&#8217;Data&#8217; link=&#8221; linktarget=&#8221; linkelement=&#8221; icon=&#8217;ue85b&#8217; font=&#8217;entypo-fontello&#8217;] 5-7 Iulie [\/av_iconlist_item] [av_iconlist_item title=&#8217;Eveniment&#8217; link=&#8221; linktarget=&#8221; linkelement=&#8221; icon=&#8217;ue8a8&#8242; font=&#8217;entypo-fontello&#8217;] Ziarul Financiar Regata [\/av_iconlist_item] [av_iconlist_item title=&#8217;Locul de desf\u0103\u015furare&#8217; link=&#8221; linktarget=&#8221; linkelement=&#8221; icon=&#8217;ue842&#8242; font=&#8217;entypo-fontello&#8217;] Limanu [\/av_iconlist_item] [\/av_iconlist] [av_iconlist position=&#8217;left&#8217; iconlist_styling=&#8217;av-iconlist-small&#8217; custom_title_size=&#8221; custom_content_size=&#8221; font_color=&#8221; custom_title=&#8221; custom_content=&#8221; color=&#8217;custom&#8217; custom_bg=&#8217;#7bb0e7&#8242; custom_font=&#8217;#ffffff&#8217; custom_border=&#8221; av-medium-font-size-title=&#8221; av-small-font-size-title=&#8221; av-mini-font-size-title=&#8221; av-medium-font-size=&#8221; av-small-font-size=&#8221; av-mini-font-size=&#8221; admin_preview_bg=&#8221;] [av_iconlist_item title=&#8217;Data&#8217; link=&#8221; linktarget=&#8221; linkelement=&#8221; icon=&#8217;ue85b&#8217; font=&#8217;entypo-fontello&#8217;] 26-28 Iulie [\/av_iconlist_item] [av_iconlist_item title=&#8217;Eveniment&#8217; link=&#8221; linktarget=&#8221; linkelement=&#8221; icon=&#8217;ue8a8&#8242; font=&#8217;entypo-fontello&#8217;] LifeHarbour Regata [\/av_iconlist_item] [av_iconlist_item title=&#8217;Locul de desf\u0103\u015furare&#8217; link=&#8221; linktarget=&#8221; linkelement=&#8221; icon=&#8217;ue842&#8242; font=&#8217;entypo-fontello&#8217;] Limanu [\/av_iconlist_item] [\/av_iconlist] [\/av_one_half][av_one_half min_height=&#8221; vertical_alignment=&#8221; space=&#8221; custom_margin=&#8221; margin=&#8217;0px&#8217; padding=&#8217;0px&#8217; border=&#8221; border_color=&#8221; radius=&#8217;0px&#8217; background_color=&#8221; src=&#8221; background_position=&#8217;top left&#8217; background_repeat=&#8217;no-repeat&#8217; animation=&#8221; mobile_breaking=&#8221; mobile_display=&#8221;] [av_heading tag=&#8217;h2&#8242; padding=&#8217;10&#8217; heading=&#8217;August&#8217; color=&#8221; style=&#8217;blockquote classic-quote&#8217; custom_font=&#8221; size=&#8221; subheading_active=&#8221; subheading_size=&#8217;15&#8217; custom_class=&#8221; admin_preview_bg=&#8221; av-desktop-hide=&#8221; av-medium-hide=&#8221; av-small-hide=&#8221; av-mini-hide=&#8221; av-medium-font-size-title=&#8221; av-small-font-size-title=&#8221; av-mini-font-size-title=&#8221; av-medium-font-size=&#8221; av-small-font-size=&#8221; av-mini-font-size=&#8221;][\/av_heading] [av_iconlist position=&#8217;left&#8217; iconlist_styling=&#8217;av-iconlist-small&#8217; custom_title_size=&#8221; custom_content_size=&#8221; font_color=&#8221; custom_title=&#8221; custom_content=&#8221; color=&#8217;custom&#8217; custom_bg=&#8217;#7bb0e7&#8242; custom_font=&#8217;#ffffff&#8217; custom_border=&#8221; av-medium-font-size-title=&#8221; av-small-font-size-title=&#8221; av-mini-font-size-title=&#8221; av-medium-font-size=&#8221; av-small-font-size=&#8221; av-mini-font-size=&#8221; admin_preview_bg=&#8221;] [av_iconlist_item title=&#8217;Data&#8217; link=&#8221; linktarget=&#8221; linkelement=&#8221; icon=&#8217;ue85b&#8217; font=&#8217;entypo-fontello&#8217;] 16-18 August [\/av_iconlist_item] [av_iconlist_item title=&#8217;Eveniment&#8217; link=&#8221; linktarget=&#8221; linkelement=&#8221; icon=&#8217;ue8a8&#8242; font=&#8217;entypo-fontello&#8217;] Bricul Mircea Regata [\/av_iconlist_item] [av_iconlist_item title=&#8217;Locul de desf\u0103\u015furare&#8217; link=&#8221; linktarget=&#8221; linkelement=&#8221; icon=&#8217;ue842&#8242; font=&#8217;entypo-fontello&#8217;] Eforie [\/av_iconlist_item] [\/av_iconlist] [av_iconlist position=&#8217;left&#8217; iconlist_styling=&#8217;av-iconlist-small&#8217; custom_title_size=&#8221; custom_content_size=&#8221; font_color=&#8221; custom_title=&#8221; custom_content=&#8221; color=&#8217;custom&#8217; custom_bg=&#8217;#7bb0e7&#8242; custom_font=&#8217;#ffffff&#8217; custom_border=&#8221; av-medium-font-size-title=&#8221; av-small-font-size-title=&#8221; av-mini-font-size-title=&#8221; av-medium-font-size=&#8221; av-small-font-size=&#8221; av-mini-font-size=&#8221; admin_preview_bg=&#8221;] [av_iconlist_item title=&#8217;Data&#8217; link=&#8221; linktarget=&#8221; linkelement=&#8221; icon=&#8217;ue85b&#8217; font=&#8217;entypo-fontello&#8217;] 30-01 Septembrie [\/av_iconlist_item] [av_iconlist_item title=&#8217;Eveniment&#8217; link=&#8221; linktarget=&#8221; linkelement=&#8221; icon=&#8217;ue8a8&#8242; font=&#8217;entypo-fontello&#8217;] Callatis Regata [\/av_iconlist_item] [av_iconlist_item title=&#8217;Locul de desf\u0103\u015furare&#8217; link=&#8221; linktarget=&#8221; linkelement=&#8221; icon=&#8217;ue842&#8242; font=&#8217;entypo-fontello&#8217;] Eforie [\/av_iconlist_item] [\/av_iconlist] [\/av_one_half][av_one_full first min_height=&#8221; vertical_alignment=&#8221; space=&#8221; custom_margin=&#8221; margin=&#8217;0px&#8217; padding=&#8217;0px&#8217; border=&#8221; border_color=&#8221; radius=&#8217;0px&#8217; background_color=&#8221; src=&#8221; background_position=&#8217;top left&#8217; background_repeat=&#8217;no-repeat&#8217; animation=&#8221; mobile_breaking=&#8221; mobile_display=&#8221;] [av_heading heading=&#8217;Septembrie&#8217; tag=&#8217;h2&#8242; style=&#8217;blockquote classic-quote&#8217; size=&#8221; subheading_active=&#8221; subheading_size=&#8217;15&#8217; padding=&#8217;10&#8217; color=&#8221; custom_font=&#8221; av-medium-font-size-title=&#8221; av-small-font-size-title=&#8221; av-mini-font-size-title=&#8221; av-medium-font-size=&#8221; av-small-font-size=&#8221; av-mini-font-size=&#8221; admin_preview_bg=&#8221;][\/av_heading] [\/av_one_full] [av_one_third first min_height=&#8221; vertical_alignment=&#8221; space=&#8221; custom_margin=&#8221; margin=&#8217;0px&#8217; padding=&#8217;0px&#8217; border=&#8221; border_color=&#8221; radius=&#8217;0px&#8217; background_color=&#8221; src=&#8221; background_position=&#8217;top left&#8217; background_repeat=&#8217;no-repeat&#8217; animation=&#8221; mobile_breaking=&#8221; mobile_display=&#8221;] [av_iconlist position=&#8217;left&#8217; iconlist_styling=&#8217;av-iconlist-small&#8217; custom_title_size=&#8221; custom_content_size=&#8221; font_color=&#8221; custom_title=&#8221; custom_content=&#8221; color=&#8217;custom&#8217; custom_bg=&#8217;#7bb0e7&#8242; custom_font=&#8217;#ffffff&#8217; custom_border=&#8221; av-medium-font-size-title=&#8221; av-small-font-size-title=&#8221; av-mini-font-size-title=&#8221; av-medium-font-size=&#8221; av-small-font-size=&#8221; av-mini-font-size=&#8221; admin_preview_bg=&#8221;] [av_iconlist_item title=&#8217;Data&#8217; link=&#8221; linktarget=&#8221; linkelement=&#8221; icon=&#8217;ue85b&#8217; font=&#8217;entypo-fontello&#8217;] 7-9 Septembrie [\/av_iconlist_item] [av_iconlist_item title=&#8217;Eveniment&#8217; link=&#8221; linktarget=&#8221; linkelement=&#8221; icon=&#8217;ue8a8&#8242; font=&#8217;entypo-fontello&#8217;] Regata IT [\/av_iconlist_item] [av_iconlist_item title=&#8217;Locul de desf\u0103\u015furare&#8217; link=&#8221; linktarget=&#8221; linkelement=&#8221; icon=&#8217;ue842&#8242; font=&#8217;entypo-fontello&#8217;] Limanu [\/av_iconlist_item] [\/av_iconlist] [\/av_one_third][av_one_third min_height=&#8221; vertical_alignment=&#8221; space=&#8221; custom_margin=&#8221; margin=&#8217;0px&#8217; padding=&#8217;0px&#8217; border=&#8221; border_color=&#8221; radius=&#8217;0px&#8217; background_color=&#8221; src=&#8221; background_position=&#8217;top left&#8217; background_repeat=&#8217;no-repeat&#8217; animation=&#8221; mobile_breaking=&#8221; mobile_display=&#8221;] [av_iconlist position=&#8217;left&#8217; iconlist_styling=&#8217;av-iconlist-small&#8217; custom_title_size=&#8221; custom_content_size=&#8221; font_color=&#8221; custom_title=&#8221; custom_content=&#8221; color=&#8217;custom&#8217; custom_bg=&#8217;#7bb0e7&#8242; custom_font=&#8217;#ffffff&#8217; custom_border=&#8221; av-medium-font-size-title=&#8221; av-small-font-size-title=&#8221; av-mini-font-size-title=&#8221; av-medium-font-size=&#8221; av-small-font-size=&#8221; av-mini-font-size=&#8221; admin_preview_bg=&#8221;] [av_iconlist_item title=&#8217;Data&#8217; link=&#8221; linktarget=&#8221; linkelement=&#8221; icon=&#8217;ue85b&#8217; font=&#8217;entypo-fontello&#8217;] 13-15 Septembrie [\/av_iconlist_item] [av_iconlist_item title=&#8217;Eveniment&#8217; link=&#8221; linktarget=&#8221; linkelement=&#8221; icon=&#8217;ue8a8&#8242; font=&#8217;entypo-fontello&#8217;] Campionat Nat\u0327ional \u2013 Alpha Bank \u2013 Offshore Etapa 1 [\/av_iconlist_item] [\/av_iconlist] [\/av_one_third][av_one_third min_height=&#8221; vertical_alignment=&#8221; space=&#8221; custom_margin=&#8221; margin=&#8217;0px&#8217; padding=&#8217;0px&#8217; border=&#8221; border_color=&#8221; radius=&#8217;0px&#8217; background_color=&#8221; src=&#8221; background_position=&#8217;top left&#8217; background_repeat=&#8217;no-repeat&#8217; animation=&#8221; mobile_breaking=&#8221; mobile_display=&#8221;] [av_iconlist position=&#8217;left&#8217; iconlist_styling=&#8217;av-iconlist-small&#8217; custom_title_size=&#8221; custom_content_size=&#8221; font_color=&#8221; custom_title=&#8221; custom_content=&#8221; color=&#8217;custom&#8217; custom_bg=&#8217;#7bb0e7&#8242; custom_font=&#8217;#ffffff&#8217; custom_border=&#8221; av-medium-font-size-title=&#8221; av-small-font-size-title=&#8221; av-mini-font-size-title=&#8221; av-medium-font-size=&#8221; av-small-font-size=&#8221; av-mini-font-size=&#8221; admin_preview_bg=&#8221;] [av_iconlist_item title=&#8217;27-29 Septembrie&#8217; link=&#8221; linktarget=&#8221; linkelement=&#8221; icon=&#8217;ue85b&#8217; font=&#8217;entypo-fontello&#8217;] 21-23 Septembrie [\/av_iconlist_item] [av_iconlist_item title=&#8217;Eveniment&#8217; link=&#8221; linktarget=&#8221; linkelement=&#8221; icon=&#8217;ue8a8&#8242; font=&#8217;entypo-fontello&#8217;] Campionat Nat\u0327ional \u2013 Alpha Bank \u2013 Offshore Etapa 2 [\/av_iconlist_item] [\/av_iconlist] [\/av_one_third][av_three_fifth first min_height=&#8221; vertical_alignment=&#8221; space=&#8221; custom_margin=&#8221; margin=&#8217;0px&#8217; padding=&#8217;0px&#8217; border=&#8221; border_color=&#8221; radius=&#8217;0px&#8217; background_color=&#8221; src=&#8221; background_position=&#8217;top left&#8217; background_repeat=&#8217;no-repeat&#8217; animation=&#8221; mobile_breaking=&#8221; mobile_display=&#8221;] [av_textblock size=&#8221; font_color=&#8221; color=&#8221; av-medium-font-size=&#8221; av-small-font-size=&#8221; av-mini-font-size=&#8221; admin_preview_bg=&#8221;] Pentru a participa la competi\u0163iile oficiale locale sau na\u0163ionale un sportiv de performan\u0163\u0103 trebuie s\u0103 fie legitimat la un club sportiv. [\/av_textblock] [av_textblock size=&#8221; font_color=&#8221; color=&#8221; av-medium-font-size=&#8221; av-small-font-size=&#8221; av-mini-font-size=&#8221; admin_preview_bg=&#8221;] Participarea sportivilor legitima\u0163i la antrenamente \u015fi\/sau \u00eenscrierea lor la competi\u0163iile sportive sunt conditionate de existen\u0163a avizului medical favorabil, eliberat numai de unit\u0103\u0163ile de medicin\u0103 sportiv\u0103. [\/av_textblock] [\/av_three_fifth] [av_one_fifth min_height=&#8221; vertical_alignment=&#8221; space=&#8221; custom_margin=&#8221; margin=&#8217;0px&#8217; padding=&#8217;0px&#8217; border=&#8221; border_color=&#8221; radius=&#8217;0px&#8217; background_color=&#8221; src=&#8221; background_position=&#8217;top left&#8217; background_repeat=&#8217;no-repeat&#8217; animation=&#8221; mobile_breaking=&#8221; mobile_display=&#8221;][\/av_one_fifth]"}